{"id":1441,"date":"2024-05-21T11:34:54","date_gmt":"2024-05-21T11:34:54","guid":{"rendered":"https:\/\/www.belenushotel.hu\/?page_id=1441"},"modified":"2024-06-10T09:02:03","modified_gmt":"2024-06-10T09:02:03","slug":"datenschutzerklaerung","status":"publish","type":"page","link":"https:\/\/www.belenushotel.hu\/de\/informationen\/datenschutzerklaerung\/","title":{"rendered":"Datenschutzerkl\u00e4rung"},"content":{"rendered":"<p>Wir informieren Sie als Besucher unserer Website und Nutzer unserer Dienstleistungen \u00fcber die Datenschutz- und Datenschutzrichtlinien unseres Unternehmens.<\/p>\n<ol>\n<li><strong>Welche Grunds\u00e4tze befolgen wir bei der Datenverarbeitung?<br \/><\/strong>Unser Unternehmen folgt bei der Datenverarbeitung folgenden Grunds\u00e4tzen:\n<ol>\n<li>Wir verarbeiten personenbezogene Daten rechtm\u00e4\u00dfig, fair und transparent f\u00fcr Sie.<\/li>\n<li>Personenbezogene Daten werden nur f\u00fcr bestimmte, eindeutige und rechtm\u00e4\u00dfige Zwecke erhoben und nicht in einer Weise verarbeitet, die mit diesen Zwecken unvereinbar ist.<\/li>\n<li>Die von uns erhobenen und verarbeiteten personenbezogenen Daten sind f\u00fcr die Zwecke der Datenverarbeitung angemessen, relevant und auf das Notwendige beschr\u00e4nkt.<\/li>\n<li>Unser Unternehmen ergreift alle Ma\u00dfnahmen, um sicherzustellen, dass die von uns verarbeiteten Daten genau und aktuell sind. Unrichtige personenbezogene Daten werden unverz\u00fcglich gel\u00f6scht oder berichtigt.<\/li>\n<li>Personenbezogene Daten werden in einer Form gespeichert, die es Ihnen erm\u00f6glicht, nur f\u00fcr die Dauer der Zwecke der Datenverarbeitung identifizierbar zu sein.<\/li>\n<li>Durch angemessene technische und organisatorische Ma\u00dfnahmen stellen wir die angemessene Sicherheit personenbezogener Daten gegen unbefugte oder unrechtm\u00e4\u00dfige Verarbeitung, versehentlichen Verlust, Zerst\u00f6rung oder Besch\u00e4digung sicher.<\/li>\n<\/ol>\n<p><strong>Wir behandeln Ihre pers\u00f6nlichen Daten\u00a0\u00a0<\/strong><\/p>\n<ol>\n<li>auf der Grundlage Ihrer informierten und freiwilligen Einwilligung und nur in dem erforderlichen Umfang und stets zweckgebunden, d. h. wir sammeln, protokollieren, organisieren, speichern und verwenden sie.<\/li>\n<li>in einigen F\u00e4llen erfolgt die Verarbeitung Ihrer Daten aufgrund gesetzlicher Vorschriften und ist verpflichtend. In solchen F\u00e4llen weisen wir Sie gesondert darauf hin.<\/li>\n<li>und in bestimmten F\u00e4llen besteht ein berechtigtes Interesse von uns oder einem Dritten an der Verarbeitung Ihrer personenbezogenen Daten, z. B. zur Betreibung, Entwicklung und Sicherheit unserer Website.<\/li>\n<\/ol>\n<p><strong>Herausgeber der Datenschutzerkl\u00e4rung und zugleich Verantwortlicher f\u00fcr die Datenverarbeitung:<\/strong><br \/>Firmenname: Varga &amp; Family Kft.<br \/>Sitz: 8749 Zalakaros, \u00dcd\u00fcl\u0151 sor 4.<br \/>Handelsregisternummer: 20 09 066693<br \/>Steuernummer: 13437473-2-20<br \/>Vertreter: Zolt\u00e1n Varga<br \/>Telefonnummer: 30 3400 205<br \/>E-Mail-Adresse: <a href=\"mailto:info@belenushotel.hu\">info@belenushotel.hu<\/a><br \/>Website: <a href=\"https:\/\/www.belenushotel.hu\/\">www.belenushotel.hu<\/a><\/p>\n<p><strong>(im Folgenden: Unternehmen)<\/strong><br \/>Unser Unternehmen ist gem\u00e4\u00df Artikel 37 der DSGVO nicht verpflichtet, einen Datenschutzbeauftragten zu bestellen. Unser Datenschutzbeauftragter ist: <strong>Katalin Frisk\u00f3.<\/strong><\/p>\n<p>Unser Unternehmen beauftragt zur Aufrechterhaltung und Verwaltung seiner Website einen Datenverarbeiter, der IT-Dienstleistungen (Hosting-Dienste) bereitstellt und im Rahmen eines mit ihm geschlossenen Vertrags die auf der Website angegebenen personenbezogenen Daten verarbeitet.<\/p>\n<p><strong>Unser IT-Dienstleister:<\/strong><br \/>Firmenname: CRE-ART St\u00fadi\u00f3 Bt.<br \/>Sitz: 8800 Nagykanizsa, Zr\u00ednyi \u00fat 20\/B<br \/>Handelsregisternummer: 20 06 035008<br \/>Steuernummer: 27697089-2-20<br \/>Vertreter: Csaba Nagy<br \/>Telefonnummer: 30 959 7972<br \/>E-Mail-Adresse: <a href=\"mailto:posta@creart.hu\">posta@creart.hu<\/a><br \/>Website: <a href=\"http:\/\/www.creart.hu\/\">www.creart.hu<\/a><\/p>\n<\/li>\n<li><strong>Besucherdatenverwaltung auf der Website des Unternehmens \u2013 Informationen zur Verwendung von Cookies<\/strong><br \/>(1) Cookies sind kurze Datendateien, die von der besuchten Website auf dem Computer des Benutzers platziert werden. Der Zweck des Cookies besteht darin, den jeweiligen Informations- und Internetdienst zu erleichtern und bequemer zu machen. Gem\u00e4\u00df den Richtlinien der Europ\u00e4ischen Kommission d\u00fcrfen Cookies [au\u00dfer wenn sie f\u00fcr die Nutzung des jeweiligen Dienstes unbedingt erforderlich sind] nur mit der Zustimmung des Benutzers auf seinem Ger\u00e4t platziert werden. (2) Auf der Besucherseite der Website (Frontend und Backend) werden Cookies gespeichert, um die Verwendung zu erleichtern. Gem\u00e4\u00df den Vorschriften wird beim Laden der Seite eine entsprechende Mitteilung angezeigt. Ihre Lebensdauer betr\u00e4gt die vom Entwickler festgelegte Zeit (in der Regel bis zum Schlie\u00dfen des Browsers, aber in einigen F\u00e4llen bis zu 1 Jahr; sie werden auch gel\u00f6scht, wenn die Browsing-Daten gel\u00f6scht werden). Die Website-Statistiken werden mit Google Analytics bereitgestellt, das ebenfalls Cookies verwendet, deren Lebensdauer mehrere Jahre betragen kann. Google Analytics speichert oder zeigt keine pers\u00f6nlichen Daten \u00fcber den Besucher der Website an. Die Cookies werden auf dem Computer des Website-Besuchers gespeichert, und nur der Besucher hat die M\u00f6glichkeit, sie zu verwalten, da die Daten von dort ausgelesen werden. (3) Auf der Website informieren wir die Besucher \u00fcber die Verwendung von Cookies in der Datenschutzerkl\u00e4rung. Mit dieser Erkl\u00e4rung stellt das Unternehmen sicher, dass der Besucher vor Inanspruchnahme der Dienste der Informationsgesellschaft der Website und w\u00e4hrend der Inanspruchnahme jederzeit erfahren kann, welche Arten von Daten das Unternehmen zu welchen Zwecken verarbeitet, einschlie\u00dflich der Verarbeitung von Daten, die nicht direkt mit dem Benutzer in Verbindung gebracht werden k\u00f6nnen.<\/li>\n<li><strong>Registrierung auf der Website des Unternehmens<\/strong><br \/>(1) Auf der Website kann eine nat\u00fcrliche Person ihre Zustimmung zur Verarbeitung ihrer personenbezogenen Daten durch Ankreuzen des entsprechenden K\u00e4stchens geben. Das vorherige Ankreuzen des K\u00e4stchens ist untersagt.<br \/>(2) Der Umfang der verarbeitbaren personenbezogenen Daten umfasst: den Namen der nat\u00fcrlichen Person (Nachname, Vorname), Adresse, Telefonnummer, E-Mail-Adresse, Online-Kennung.<br \/>(3) Zweck der Verarbeitung personenbezogener Daten:\n<ol>\n<li>Erf\u00fcllung der auf der Website angebotenen Dienstleistungen.<\/li>\n<li>Kontaktaufnahme per E-Mail, Telefon oder Anfrage.<\/li>\n<li>Informationen \u00fcber Produkte, Dienstleistungen, Vertragsbedingungen und Aktionen des Unternehmens.<\/li>\n<\/ol>\n<p>(4) Die Rechtsgrundlage f\u00fcr die Datenverarbeitung ist die Einwilligung der betroffenen Person.<\/p>\n<p>(5) Empf\u00e4nger der personenbezogenen Daten bzw. Kategorien von Empf\u00e4ngern: Mitarbeiter des Unternehmens im Kundenservice und Marketing, Mitarbeiter des IT-Dienstleisters des Unternehmens, die Hosting-Dienste als Auftragsverarbeiter erbringen.<\/p>\n<p>(6) Dauer der Speicherung personenbezogener Daten: bis zur Beendigung der Registrierung \/ Dienstleistung oder bis zum Widerruf der Einwilligung der betroffenen Person (L\u00f6schungsantrag).<\/p>\n<\/li>\n<li><strong>Newsletter-Datenschutz im Zusammenhang mit dem Newsletter-Dienst<\/strong><br \/>(1) Auf der Website kann eine nat\u00fcrliche Person, die sich f\u00fcr den Newsletter-Service anmeldet, durch Ankreuzen des entsprechenden K\u00e4stchens ihre Einwilligung zur Verarbeitung ihrer personenbezogenen Daten geben. Das vorherige Ankreuzen des K\u00e4stchens ist untersagt. W\u00e4hrend der Anmeldung muss die Datenschutzerkl\u00e4rung (Anhang 2) \u00fcber einen Link zug\u00e4nglich gemacht werden. Der betroffene Person kann sich jederzeit vom Newsletter abmelden, indem sie die Funktion &#8222;Abbestellen&#8220; des Newsletters verwendet oder eine schriftliche Erkl\u00e4rung oder eine E-Mail abgibt, was einem Widerruf der Einwilligung entspricht. In diesem Fall m\u00fcssen alle Daten des Abmeldenden unverz\u00fcglich gel\u00f6scht werden. (2) Der Umfang der verarbeitbaren personenbezogenen Daten umfasst: den Namen der nat\u00fcrlichen Person (Nachname, Vorname), die E-Mail-Adresse. (3) Zweck der Verarbeitung personenbezogener Daten: Versand des Newsletters \u00fcber Produkte und Dienstleistungen des Unternehmens. (4) Die Rechtsgrundlage f\u00fcr die Datenverarbeitung ist die Einwilligung der betroffenen Person. (5) Empf\u00e4nger der personenbezogenen Daten bzw. Kategorien von Empf\u00e4ngern: Mitarbeiter des Unternehmens im Kundenservice und in der Marketingabteilung als Auftragsverarbeiter, der IT-Dienstleister des Unternehmens f\u00fcr die Bereitstellung des Hosting-Dienstes. (6) Dauer der Speicherung personenbezogener Daten: bis zur Beendigung des Newsletter-Dienstes oder bis zum Widerruf der Einwilligung der betroffenen Person (L\u00f6schungsantrag).<\/li>\n<li><strong>Gemeinschaftsrichtlinien \/ Datenverarbeitung auf der Facebook-Seite des Unternehmens<\/strong><br \/>(1) Zur Bekanntmachung und F\u00f6rderung der Produkte und Dienstleistungen des Unternehmens betreibt das Unternehmen eine Facebook-Seite. (2) Fragen, die auf der Facebook-Seite des Unternehmens gestellt werden, gelten nicht als formelle Beschwerden. (3) Pers\u00f6nliche Daten, die von Besuchern auf der Facebook-Seite des Unternehmens ver\u00f6ffentlicht werden, werden vom Unternehmen nicht verarbeitet. (4) F\u00fcr Besucher gelten die Datenschutz- und Nutzungsbedingungen von Facebook. (5) Bei Ver\u00f6ffentlichung rechtswidriger oder beleidigender Inhalte kann das Unternehmen den betroffenen Benutzer ohne vorherige Ank\u00fcndigung von der Mitgliedschaft ausschlie\u00dfen oder dessen Kommentar l\u00f6schen. (6) Das Unternehmen haftet nicht f\u00fcr rechtswidrige Inhalte oder Kommentare, die von Facebook-Benutzern ver\u00f6ffentlicht werden. Das Unternehmen \u00fcbernimmt keine Verantwortung f\u00fcr Fehler, Betriebsst\u00f6rungen oder Probleme, die sich aus dem Betrieb oder der \u00c4nderung des Systems von Facebook ergeben.<\/li>\n<li><strong>Weitere Fragen zur Datenverarbeitung<\/strong><br \/>Ihre Daten k\u00f6nnen wir nur im gesetzlich festgelegten Rahmen weitergeben, und bei unseren Auftragsverarbeitern stellen wir durch vertragliche Bedingungen sicher, dass sie Ihre pers\u00f6nlichen Daten nicht f\u00fcr Zwecke verwenden k\u00f6nnen, die Ihrem Einverst\u00e4ndnis entgegenstehen. Unser Unternehmen \u00fcbermittelt keine Daten ins Ausland. Gerichte, Staatsanwaltschaften und andere Beh\u00f6rden (z. B. Polizei, Steuerbeh\u00f6rde, Nationale Datenschutzbeh\u00f6rde und Informationsfreiheitsbeh\u00f6rde) k\u00f6nnen sich an unser Unternehmen wenden, um Informationen bereitzustellen, Daten offenzulegen oder Unterlagen zur Verf\u00fcgung zu stellen. In diesen F\u00e4llen sind wir verpflichtet, die Daten in dem Ma\u00dfe offenzulegen, das zur Erf\u00fcllung des jeweiligen Anliegens unbedingt erforderlich ist. Mitarbeiter und Mitarbeiterinnen, die an der Datenverarbeitung unseres Unternehmens beteiligt sind, d\u00fcrfen \u2013 unter Wahrung der Vertraulichkeitspflicht \u2013 Ihre pers\u00f6nlichen Daten in einem im Voraus festgelegten Umfang einsehen. Ihre pers\u00f6nlichen Daten sch\u00fctzen wir durch geeignete technische und organisatorische Ma\u00dfnahmen und gew\u00e4hrleisten die Sicherheit, Verf\u00fcgbarkeit und Unversehrtheit der Daten sowie den Schutz vor unbefugtem Zugriff, Ver\u00e4nderung, Besch\u00e4digung oder Offenlegung sowie vor jeglicher anderen unbefugten Nutzung. Im Rahmen organisatorischer Ma\u00dfnahmen \u00fcberpr\u00fcfen wir den physischen Zugang zu unseren Geb\u00e4uden und halten unsere Mitarbeiterinnen und Mitarbeiter durch kontinuierliche Schulungen auf dem Laufenden. Papierdokumente werden angemessen gesch\u00fctzt. Wir verwenden technische Ma\u00dfnahmen wie Verschl\u00fcsselung, Passwortschutz und Antivirensoftware. Wir m\u00f6chten jedoch darauf hinweisen, dass die \u00dcbertragung von Daten \u00fcber das Internet nicht als vollst\u00e4ndig sichere Daten\u00fcbertragung angesehen werden kann. Unser Unternehmen unternimmt alles, um die Prozesse so sicher wie m\u00f6glich zu gestalten. F\u00fcr die Daten\u00fcbertragung \u00fcber unsere Website k\u00f6nnen wir jedoch keine vollst\u00e4ndige Verantwortung \u00fcbernehmen. Wir halten jedoch strenge Vorschriften ein, um die Sicherheit Ihrer Daten und den Schutz vor unbefugtem Zugriff zu gew\u00e4hrleisten. In Bezug auf Sicherheitsfragen bitten wir Sie, uns dabei zu unterst\u00fctzen, Ihr Zugangspasswort zur Website sorgf\u00e4ltig aufzubewahren und dieses Passwort nicht mit anderen zu teilen.<\/li>\n<li><strong>Ihre Rechte und Rechtsbehelfe<\/strong><br \/>Sie haben das Recht auf\n<ul>\n<li>Auskunft \u00fcber die Datenverarbeitung zu verlangen,<\/li>\n<li>Korrektur, \u00c4nderung oder Erg\u00e4nzung Ihrer von uns verarbeiteten personenbezogenen Daten zu verlangen,<\/li>\n<li>der Datenverarbeitung zu widersprechen und die L\u00f6schung oder Sperrung Ihrer Daten zu verlangen (mit Ausnahme der gesetzlich vorgeschriebenen Datenverarbeitung),<\/li>\n<li>Rechtsbehelfe vor Gericht einzulegen,<\/li>\n<li>eine Beschwerde bei der Aufsichtsbeh\u00f6rde einzureichen oder ein Verfahren einzuleiten (<a href=\"https:\/\/naih.hu\/panaszuegyintezes-rendje.html\" target=\"_blank\" rel=\"noopener\">https:\/\/naih.hu\/panaszuegyintezes-rendje.html<\/a>).<\/li>\n<\/ul>\n<p><strong>Aufsichtsbeh\u00f6rde: Nationale Datenschutzbeh\u00f6rde<\/strong><br \/>Sitz: 1125 Budapest, Szil\u00e1gyi Erzs\u00e9bet fasor 22\/c.<br \/>Postanschrift: 1530 Budapest, Pf.: 5.<br \/>Telefon: +36 (1) 391-1400<br \/>Fax: +36 (1) 391-1410<br \/>E-mail:<a href=\"mailto:ugyfelszolgalat@naih.hu\">ugyfelszolgalat@naih.hu<\/a><br \/>Website: <a href=\"https:\/\/naih.hu\/\">https:\/\/naih.hu\/<\/a><\/p>\n<p><strong>Auf Ihre Anfrage<\/strong> hin werden wir Ihnen Informationen \u00fcber die von uns oder von unserem beauftragten Datenverarbeiter verarbeiteten Daten, insbesondere \u00fcber<\/p>\n<ul>\n<li>die Art Ihrer Daten,<\/li>\n<li>deren Herkunft,<\/li>\n<li>den Zweck und die Rechtsgrundlage der Datenverarbeitung,<\/li>\n<li>die Dauer der Speicherung, falls dies nicht m\u00f6glich ist, die Kriterien f\u00fcr die Bestimmung dieser Dauer,<\/li>\n<li>den Namen, die Adresse und die T\u00e4tigkeit unserer Datenverarbeiter,<\/li>\n<li>die Umst\u00e4nde von Datenschutzverletzungen, ihre Auswirkungen sowie die von uns ergriffenen Ma\u00dfnahmen zu ihrer Beseitigung und Verhinderung sowie<\/li>\n<li>die Rechtsgrundlage und den Empf\u00e4nger der Daten\u00fcbermittlung, falls Ihre pers\u00f6nlichen Daten \u00fcbermittelt werden<\/li>\n<\/ul>\n<p>Die Einreichung Ihres Antrags wird innerhalb der k\u00fcrzest m\u00f6glichen Zeit und ohne unangemessene Verz\u00f6gerung (jedoch innerhalb von maximal 1 Monat) beantwortet. Die Auskunft ist kostenlos, es sei denn, Sie haben im laufenden Jahr bereits eine Informationsanfrage zu denselben Daten gestellt. Falls wir Ihre Daten rechtswidrig verarbeitet haben oder Ihre Anfrage zur Berichtigung gef\u00fchrt hat, erstatten wir Ihnen bereits gezahlte Kosten zur\u00fcck. Die Verweigerung der Auskunft ist nur in gesetzlich vorgeschriebenen F\u00e4llen mit Angabe der rechtlichen Grundlage m\u00f6glich, und Sie werden \u00fcber die M\u00f6glichkeit einer gerichtlichen \u00dcberpr\u00fcfung sowie die Beschwerde bei der Aufsichtsbeh\u00f6rde informiert. Wir informieren Sie \u00fcber die Korrektur, Sperrung, Kennzeichnung und L\u00f6schung Ihrer personenbezogenen Daten und benachrichtigen alle, denen wir die Daten zuvor f\u00fcr die Datenverarbeitungszwecke \u00fcbermittelt haben, es sei denn, das Unterlassen der Benachrichtigung beeintr\u00e4chtigt nicht Ihre berechtigten Interessen. Wenn wir Ihrem Antrag auf Berichtigung, Sperrung oder L\u00f6schung nicht nachkommen, teilen wir Ihnen innerhalb von 15 Tagen nach Erhalt des Antrags (jedoch innerhalb von maximal 1 Monat) schriftlich oder &#8211; mit Ihrer Zustimmung &#8211; elektronisch die Gr\u00fcnde f\u00fcr unsere Ablehnung mit und informieren Sie \u00fcber die M\u00f6glichkeiten der gerichtlichen \u00dcberpr\u00fcfung sowie die Beschwerde bei der Aufsichtsbeh\u00f6rde. Wenn Sie gegen die Verarbeitung Ihrer personenbezogenen Daten protestieren, pr\u00fcfen wir Ihren Protest innerhalb der k\u00fcrzest m\u00f6glichen Zeit nach Einreichung des Antrags (jedoch innerhalb von maximal 1 Monat) und informieren Sie schriftlich \u00fcber unsere Entscheidung. Wenn wir feststellen, dass Ihr Protest gerechtfertigt ist, beenden wir die Datenverarbeitung &#8211; einschlie\u00dflich weiterer Datenerhebungen und -\u00fcbertragungen &#8211; und sperren die Daten. Wir informieren auch alle, denen wir zuvor die betroffenen personenbezogenen Daten \u00fcbermittelt haben, und die verpflichtet sind, Ma\u00dfnahmen zur Durchsetzung Ihres Protestrechts zu ergreifen. Wir lehnen die Erf\u00fcllung des Antrags ab, wenn wir nachweisen k\u00f6nnen, dass die Datenverarbeitung aus zwingenden legitimen Gr\u00fcnden erfolgt, die Ihre Interessen, Rechte und Freiheiten \u00fcberwiegen, oder wenn sie mit der Einreichung, Durchsetzung oder Verteidigung rechtlicher Anspr\u00fcche zusammenh\u00e4ngt. Wenn Sie mit unserer Entscheidung nicht einverstanden sind oder wenn wir die Frist vers\u00e4umen, k\u00f6nnen Sie innerhalb von 30 Tagen nach Mitteilung der Entscheidung oder dem letzten Tag der Frist vor Gericht gehen. Die Entscheidung \u00fcber Datenschutzstreitigkeiten liegt in der Zust\u00e4ndigkeit des Gerichts, das je nach Wahl des Betroffenen am Wohnsitz oder am Aufenthaltsort des Betroffenen angerufen werden kann. Ausl\u00e4ndische Staatsangeh\u00f6rige k\u00f6nnen sich auch an die Aufsichtsbeh\u00f6rde ihres Wohnsitzes wenden. Bevor Sie jedoch eine Beschwerde bei der Aufsichtsbeh\u00f6rde oder vor Gericht einreichen, bitten wir Sie, uns zu kontaktieren, um eine Einigung zu erzielen und das Problem so schnell wie m\u00f6glich zu l\u00f6sen.<\/p>\n<p><strong>Bitte kontaktieren Sie uns, bevor Sie sich mit Ihrer Beschwerde an die Aufsichtsbeh\u00f6rde oder das Gericht wenden, um eine L\u00f6sung zu finden und das Problem so schnell wie m\u00f6glich zu l\u00f6sen &#8211; im Interesse einer raschen Kl\u00e4rung und L\u00f6sung des aufgetretenen Problems.<\/strong><\/p>\n<\/li>\n<li><strong>Die ma\u00dfgeblichen Rechtsvorschriften f\u00fcr unsere T\u00e4tigkeit sind?<\/strong>\n<ul>\n<li>die Verordnung (EU) 2016\/679 des Europ\u00e4ischen Parlaments und des Rates vom 27. April 2016 zum Schutz nat\u00fcrlicher Personen bei der Verarbeitung personenbezogener Daten und zum freien Datenverkehr (Datenschutz-Grundverordnung) (DSGVO),<\/li>\n<li>das Gesetz CXII von 2011 \u00fcber das Recht auf informationelle Selbstbestimmung und die Informationsfreiheit (Informationsgesetz),<\/li>\n<li>das Gesetz V von 2013 \u00fcber das B\u00fcrgerliche Gesetzbuch (B\u00fcrgerliches Gesetzbuch),<\/li>\n<li>das Gesetz CVIII von 2001 \u00fcber bestimmte Fragen der elektronischen Handelsdienstleistungen und der mit der Informationsgesellschaft verbundenen Dienstleistungen (Elektronischer Handel),<\/li>\n<li>das Gesetz C von 2003 \u00fcber elektronische Kommunikation (Elektronische Kommunikation),<\/li>\n<li>das Gesetz CLV von 1997 \u00fcber den Verbraucherschutz (Verbraucherschutz),<\/li>\n<li>das Gesetz CLXV von 2013 \u00fcber Beschwerden und \u00f6ffentliche Anzeigen (Beschwerdegesetz),<\/li>\n<li>das Gesetz XLVIII von 2008 \u00fcber die grundlegenden Anforderungen und bestimmte Beschr\u00e4nkungen der wirtschaftlichen Werbet\u00e4tigkeit (Werbegesetz)<\/li>\n<\/ul>\n<\/li>\n<li><strong>\u00c4nderung der Datenschutzerkl\u00e4rung<\/strong><br \/>Unsere Firma beh\u00e4lt sich das Recht vor, die vorliegende Datenschutzerkl\u00e4rung zu \u00e4ndern und die Betroffenen entsprechend zu informieren. Die Ver\u00f6ffentlichung von Informationen zur Datenverarbeitung erfolgt auf der Website\u00a0<em>(<a href=\"https:\/\/www.belenushotel.hu\/de\/datenschutzerklaerung\/\">www.belenushotel.hu\/de\/datenschutzerklaerung\/<\/a>)<\/em>.<\/li>\n<\/ol>\n<p>&nbsp;<\/p>\n<p>VARGA &amp; FAMILY Kft. 2018.<\/p>\n<section id=\"comments\"><\/section>\n","protected":false},"excerpt":{"rendered":"<p>Wir informieren Sie als Besucher unserer Website und Nutzer unserer Dienstleistungen \u00fcber die Datenschutz- und Datenschutzrichtlinien unseres Unternehmens. Welche Grunds\u00e4tze befolgen wir bei der Datenverarbeitung?Unser Unternehmen folgt bei der Datenverarbeitung folgenden Grunds\u00e4tzen: Wir verarbeiten personenbezogene Daten rechtm\u00e4\u00dfig, fair und transparent f\u00fcr Sie. Personenbezogene Daten werden nur f\u00fcr bestimmte, eindeutige und rechtm\u00e4\u00dfige Zwecke erhoben und nicht [&hellip;]<\/p>\n","protected":false},"author":1,"featured_media":0,"parent":1554,"menu_order":37,"comment_status":"closed","ping_status":"closed","template":"","meta":{"footnotes":""},"class_list":["post-1441","page","type-page","status-publish","hentry"],"yoast_head":"<!-- This site is optimized with the Yoast SEO plugin v27.0 - https:\/\/yoast.com\/product\/yoast-seo-wordpress\/ -->\n<title>Datenschutzerkl\u00e4rung | Belenus Thermalhotel *** Zalakaros<\/title>\n<meta name=\"description\" content=\"Legjobb \u00e1rak a saj\u00e1t honlapon - Igaz\u00e1n isteni hely a felt\u00f6lt\u0151 wellness pihen\u00e9sre. Csod\u00e1s parkkal \u00e9s term\u00e1lvizes medenc\u00e9vel\" \/>\n<meta name=\"robots\" content=\"index, follow, max-snippet:-1, max-image-preview:large, max-video-preview:-1\" \/>\n<link rel=\"canonical\" href=\"https:\/\/www.belenushotel.hu\/de\/informationen\/datenschutzerklaerung\/\" \/>\n<meta property=\"og:locale\" content=\"de_DE\" \/>\n<meta property=\"og:type\" content=\"article\" \/>\n<meta property=\"og:title\" content=\"Datenschutzerkl\u00e4rung | Belenus Thermalhotel *** Zalakaros\" \/>\n<meta property=\"og:description\" content=\"Legjobb \u00e1rak a saj\u00e1t honlapon - Igaz\u00e1n isteni hely a felt\u00f6lt\u0151 wellness pihen\u00e9sre. Csod\u00e1s parkkal \u00e9s term\u00e1lvizes medenc\u00e9vel\" \/>\n<meta property=\"og:url\" content=\"https:\/\/www.belenushotel.hu\/de\/informationen\/datenschutzerklaerung\/\" \/>\n<meta property=\"og:site_name\" content=\"Belenus Thermalhotel *** Zalakaros\" \/>\n<meta property=\"article:publisher\" content=\"https:\/\/www.facebook.com\/belenushotel\" \/>\n<meta property=\"article:modified_time\" content=\"2024-06-10T09:02:03+00:00\" \/>\n<meta property=\"og:image\" content=\"https:\/\/www.belenushotel.hu\/files\/2024\/06\/KEP_9076.webp\" \/>\n\t<meta property=\"og:image:width\" content=\"1500\" \/>\n\t<meta property=\"og:image:height\" content=\"1000\" \/>\n\t<meta property=\"og:image:type\" content=\"image\/webp\" \/>\n<meta name=\"twitter:card\" content=\"summary_large_image\" \/>\n<meta name=\"twitter:label1\" content=\"Gesch\u00e4tzte Lesezeit\" \/>\n\t<meta name=\"twitter:data1\" content=\"12\u00a0Minuten\" \/>\n<script type=\"application\/ld+json\" class=\"yoast-schema-graph\">{\"@context\":\"https:\/\/schema.org\",\"@graph\":[{\"@type\":\"WebPage\",\"@id\":\"https:\/\/www.belenushotel.hu\/de\/informationen\/datenschutzerklaerung\/\",\"url\":\"https:\/\/www.belenushotel.hu\/de\/informationen\/datenschutzerklaerung\/\",\"name\":\"Datenschutzerkl\u00e4rung | Belenus Thermalhotel *** Zalakaros\",\"isPartOf\":{\"@id\":\"https:\/\/www.belenushotel.hu\/#website\"},\"datePublished\":\"2024-05-21T11:34:54+00:00\",\"dateModified\":\"2024-06-10T09:02:03+00:00\",\"description\":\"Legjobb \u00e1rak a saj\u00e1t honlapon - Igaz\u00e1n isteni hely a felt\u00f6lt\u0151 wellness pihen\u00e9sre. Csod\u00e1s parkkal \u00e9s term\u00e1lvizes medenc\u00e9vel\",\"breadcrumb\":{\"@id\":\"https:\/\/www.belenushotel.hu\/de\/informationen\/datenschutzerklaerung\/#breadcrumb\"},\"inLanguage\":\"de\",\"potentialAction\":[{\"@type\":\"ReadAction\",\"target\":[\"https:\/\/www.belenushotel.hu\/de\/informationen\/datenschutzerklaerung\/\"]}]},{\"@type\":\"BreadcrumbList\",\"@id\":\"https:\/\/www.belenushotel.hu\/de\/informationen\/datenschutzerklaerung\/#breadcrumb\",\"itemListElement\":[{\"@type\":\"ListItem\",\"position\":1,\"name\":\"Informationen\",\"item\":\"https:\/\/www.belenushotel.hu\/de\/informationen\/\"},{\"@type\":\"ListItem\",\"position\":2,\"name\":\"Datenschutzerkl\u00e4rung\"}]},{\"@type\":\"WebSite\",\"@id\":\"https:\/\/www.belenushotel.hu\/#website\",\"url\":\"https:\/\/www.belenushotel.hu\/\",\"name\":\"Belenus Thermalhotel *** Superior Zalakaros\",\"description\":\"Egy \u201eisteni\u201d hely...\",\"publisher\":{\"@id\":\"https:\/\/www.belenushotel.hu\/#organization\"},\"potentialAction\":[{\"@type\":\"SearchAction\",\"target\":{\"@type\":\"EntryPoint\",\"urlTemplate\":\"https:\/\/www.belenushotel.hu\/?s={search_term_string}\"},\"query-input\":{\"@type\":\"PropertyValueSpecification\",\"valueRequired\":true,\"valueName\":\"search_term_string\"}}],\"inLanguage\":\"de\"},{\"@type\":\"Organization\",\"@id\":\"https:\/\/www.belenushotel.hu\/#organization\",\"name\":\"Belenus Thermalhotel *** Superior Zalakaros\",\"url\":\"https:\/\/www.belenushotel.hu\/\",\"logo\":{\"@type\":\"ImageObject\",\"inLanguage\":\"de\",\"@id\":\"https:\/\/www.belenushotel.hu\/#\/schema\/logo\/image\/\",\"url\":\"https:\/\/www.belenushotel.hu\/files\/2024\/06\/belenus_logo_696.webp\",\"contentUrl\":\"https:\/\/www.belenushotel.hu\/files\/2024\/06\/belenus_logo_696.webp\",\"width\":696,\"height\":696,\"caption\":\"Belenus Thermalhotel *** Superior Zalakaros\"},\"image\":{\"@id\":\"https:\/\/www.belenushotel.hu\/#\/schema\/logo\/image\/\"},\"sameAs\":[\"https:\/\/www.facebook.com\/belenushotel\"]}]}<\/script>\n<!-- \/ Yoast SEO plugin. -->","yoast_head_json":{"title":"Datenschutzerkl\u00e4rung | Belenus Thermalhotel *** Zalakaros","description":"Legjobb \u00e1rak a saj\u00e1t honlapon - Igaz\u00e1n isteni hely a felt\u00f6lt\u0151 wellness pihen\u00e9sre. Csod\u00e1s parkkal \u00e9s term\u00e1lvizes medenc\u00e9vel","robots":{"index":"index","follow":"follow","max-snippet":"max-snippet:-1","max-image-preview":"max-image-preview:large","max-video-preview":"max-video-preview:-1"},"canonical":"https:\/\/www.belenushotel.hu\/de\/informationen\/datenschutzerklaerung\/","og_locale":"de_DE","og_type":"article","og_title":"Datenschutzerkl\u00e4rung | Belenus Thermalhotel *** Zalakaros","og_description":"Legjobb \u00e1rak a saj\u00e1t honlapon - Igaz\u00e1n isteni hely a felt\u00f6lt\u0151 wellness pihen\u00e9sre. Csod\u00e1s parkkal \u00e9s term\u00e1lvizes medenc\u00e9vel","og_url":"https:\/\/www.belenushotel.hu\/de\/informationen\/datenschutzerklaerung\/","og_site_name":"Belenus Thermalhotel *** Zalakaros","article_publisher":"https:\/\/www.facebook.com\/belenushotel","article_modified_time":"2024-06-10T09:02:03+00:00","og_image":[{"width":1500,"height":1000,"url":"https:\/\/www.belenushotel.hu\/files\/2024\/06\/KEP_9076.webp","type":"image\/webp"}],"twitter_card":"summary_large_image","twitter_misc":{"Gesch\u00e4tzte Lesezeit":"12\u00a0Minuten"},"schema":{"@context":"https:\/\/schema.org","@graph":[{"@type":"WebPage","@id":"https:\/\/www.belenushotel.hu\/de\/informationen\/datenschutzerklaerung\/","url":"https:\/\/www.belenushotel.hu\/de\/informationen\/datenschutzerklaerung\/","name":"Datenschutzerkl\u00e4rung | Belenus Thermalhotel *** Zalakaros","isPartOf":{"@id":"https:\/\/www.belenushotel.hu\/#website"},"datePublished":"2024-05-21T11:34:54+00:00","dateModified":"2024-06-10T09:02:03+00:00","description":"Legjobb \u00e1rak a saj\u00e1t honlapon - Igaz\u00e1n isteni hely a felt\u00f6lt\u0151 wellness pihen\u00e9sre. Csod\u00e1s parkkal \u00e9s term\u00e1lvizes medenc\u00e9vel","breadcrumb":{"@id":"https:\/\/www.belenushotel.hu\/de\/informationen\/datenschutzerklaerung\/#breadcrumb"},"inLanguage":"de","potentialAction":[{"@type":"ReadAction","target":["https:\/\/www.belenushotel.hu\/de\/informationen\/datenschutzerklaerung\/"]}]},{"@type":"BreadcrumbList","@id":"https:\/\/www.belenushotel.hu\/de\/informationen\/datenschutzerklaerung\/#breadcrumb","itemListElement":[{"@type":"ListItem","position":1,"name":"Informationen","item":"https:\/\/www.belenushotel.hu\/de\/informationen\/"},{"@type":"ListItem","position":2,"name":"Datenschutzerkl\u00e4rung"}]},{"@type":"WebSite","@id":"https:\/\/www.belenushotel.hu\/#website","url":"https:\/\/www.belenushotel.hu\/","name":"Belenus Thermalhotel *** Superior Zalakaros","description":"Egy \u201eisteni\u201d hely...","publisher":{"@id":"https:\/\/www.belenushotel.hu\/#organization"},"potentialAction":[{"@type":"SearchAction","target":{"@type":"EntryPoint","urlTemplate":"https:\/\/www.belenushotel.hu\/?s={search_term_string}"},"query-input":{"@type":"PropertyValueSpecification","valueRequired":true,"valueName":"search_term_string"}}],"inLanguage":"de"},{"@type":"Organization","@id":"https:\/\/www.belenushotel.hu\/#organization","name":"Belenus Thermalhotel *** Superior Zalakaros","url":"https:\/\/www.belenushotel.hu\/","logo":{"@type":"ImageObject","inLanguage":"de","@id":"https:\/\/www.belenushotel.hu\/#\/schema\/logo\/image\/","url":"https:\/\/www.belenushotel.hu\/files\/2024\/06\/belenus_logo_696.webp","contentUrl":"https:\/\/www.belenushotel.hu\/files\/2024\/06\/belenus_logo_696.webp","width":696,"height":696,"caption":"Belenus Thermalhotel *** Superior Zalakaros"},"image":{"@id":"https:\/\/www.belenushotel.hu\/#\/schema\/logo\/image\/"},"sameAs":["https:\/\/www.facebook.com\/belenushotel"]}]}},"_links":{"self":[{"href":"https:\/\/www.belenushotel.hu\/de\/wp-json\/wp\/v2\/pages\/1441","targetHints":{"allow":["GET"]}}],"collection":[{"href":"https:\/\/www.belenushotel.hu\/de\/wp-json\/wp\/v2\/pages"}],"about":[{"href":"https:\/\/www.belenushotel.hu\/de\/wp-json\/wp\/v2\/types\/page"}],"author":[{"embeddable":true,"href":"https:\/\/www.belenushotel.hu\/de\/wp-json\/wp\/v2\/users\/1"}],"replies":[{"embeddable":true,"href":"https:\/\/www.belenushotel.hu\/de\/wp-json\/wp\/v2\/comments?post=1441"}],"version-history":[{"count":0,"href":"https:\/\/www.belenushotel.hu\/de\/wp-json\/wp\/v2\/pages\/1441\/revisions"}],"up":[{"embeddable":true,"href":"https:\/\/www.belenushotel.hu\/de\/wp-json\/wp\/v2\/pages\/1554"}],"wp:attachment":[{"href":"https:\/\/www.belenushotel.hu\/de\/wp-json\/wp\/v2\/media?parent=1441"}],"curies":[{"name":"wp","href":"https:\/\/api.w.org\/{rel}","templated":true}]}}