{"id":1427,"date":"2024-05-21T16:36:35","date_gmt":"2024-05-21T16:36:35","guid":{"rendered":"https:\/\/www.belenushotel.hu\/?page_id=1427"},"modified":"2024-06-10T07:12:00","modified_gmt":"2024-06-10T07:12:00","slug":"hotelordnung","status":"publish","type":"page","link":"https:\/\/www.belenushotel.hu\/de\/informationen\/hotelordnung\/","title":{"rendered":"Hotelordnung"},"content":{"rendered":"<ul>\n<li>Wir bitten unsere G\u00e4ste die au\u00dfer Haus gekauften Lebensmittel und Getr\u00e4nke nicht ins Hotelareal mitzunehmen und zu konsumieren.<\/li>\n<li>Die Relaxliegen im Wellnessbereich sollen nur w\u00e4hrend des tats\u00e4chlichen Aufenthaltes und Benutzung belegt werden, bitte bereiten Sie keine Unannehmlichkeiten anderen G\u00e4sten durch unn\u00f6tige Reservierung.<\/li>\n<li>Im inneren Gesellschaftsraum des Hotels ist das Rauchen verboten, daf\u00fcr vorgesehene Orte sind die Zimmerterrassen, die \u00e4u\u00dfere Terrasse des Restaurantes sowie die Raucherzone neben dem Haupteingang.<\/li>\n<li>Wir bitten Sie zur Mahlzeiten zum Anlass und zum Umfeld passende Bekleidung zu tragen. Eltern haften f\u00fcr Ihre Kinder.<\/li>\n<li>Gegen Aufpreis k\u00f6nnen im Hotel auch kleine Haustiere (Hund bis max. 20 kg, Vogel) untergebracht werden, die im G\u00e4stezimmer und in der Parkanlage des Hotels gehalten werden k\u00f6nnen, sie d\u00fcrfen jedoch das Restaurant und das innere Gesellschaftsraum nicht betreten, f\u00fcr ihre Verpflegung muss sich der Besitzer sorgen. Bez\u00fcglich aller oberhalb nicht erw\u00e4hnten Tierarten und Rassen sind Sie gebeten das Einverst\u00e4ndnis des Hotels vorab einzuholen.<\/li>\n<li>F\u00fcr weitere Informationen vor Ihrer Ankunft oder w\u00e4hrend Ihres Aufenthalts im Hotel nutzen Sie unsere Informationsseite, die Sie durch Klicken auf den folgenden Link erreichen:\u00a0<a href=\"https:\/\/info.belenushotel.hu\/de\/\" target=\"_blank\" rel=\"noopener\">info.belenushotel.hu\/de<\/a><\/li>\n<\/ul>\n<h3>\u00c4nderungen bez\u00fcglich der Erfassung pers\u00f6nlicher Daten ab dem 1. September 2021<\/h3>\n<p>Hiermit informieren wir Sie, dass gem\u00e4\u00df den geltenden Gesetzen* ab dem 1. September 2021 in Ungarn jeder Gast, der eine Beherbergungsdienstleistung in Anspruch nimmt, seine gesetzlich vorgeschriebenen pers\u00f6nlichen Daten beim Check-in vom Beherbergungsanbieter \u00fcber einen Dokumentenleser erfassen und dann in die Verwaltungssoftware des Beherbergungsanbieters eingeben sowie an eine Speicherstelle, die geschlossene G\u00e4steinformationsdatenbank (VIZA), weiterleiten lassen muss.<\/p>\n<p>Die zu erfassenden Daten umfassen:<\/p>\n<ul>\n<li>Familien- und Vorname;<\/li>\n<li>Geburtsname und Vorname;<\/li>\n<li>Geburtsort;<\/li>\n<li>Geburtsdatum;<\/li>\n<li>Geschlecht des Gastes;<\/li>\n<li>Staatsangeh\u00f6rigkeit;<\/li>\n<li>Geburtsname und Vorname der Mutter (falls im Ausweisdokument enthalten);<\/li>\n<li>Identifikations- oder Reisedokumentendaten;<\/li>\n<li>Bei Drittstaatsangeh\u00f6rigen** die Visums- oder Aufenthaltsgenehmigungsnummer, Datum und Ort der Einreise.<\/li>\n<\/ul>\n<p>Um diese Daten zu erfassen, muss der Gast, der die Beherbergungsdienstleistung in Anspruch nimmt, seinen Personalausweis, F\u00fchrerschein oder Reisepass dem Beherbergungsanbieter vorlegen. Wenn das Dokument nicht vorgelegt wird, verweigert der Beherbergungsanbieter die Erbringung der Beherbergungsdienstleistung. Der Beherbergungsanbieter ist gesetzlich befugt, das Identifikationsdokument des Gastes zu verlangen, und der Gast ist verpflichtet, dieses vorzulegen. Wird dies vers\u00e4umt oder verweigert, gilt dies als Nichterscheinen des Gastes zum Beginn der Dienstleistung. F\u00fcr den Fall, dass der Gast seine Dokumente nicht vorlegt, gelten die allgemeinen Regeln des Vertragsbruchs sowie die Stornierungsregeln. Bitte planen Sie Ihre Reise und Ankunft entsprechend den oben genannten Punkten!<\/p>\n<p>Wir danken Ihnen f\u00fcr Ihre Kooperation!<\/p>\n<p><sup>*<\/sup>GELTENDE GESETZE:<\/p>\n<ul>\n<li>Gesetz CLVI von 2016 \u00fcber die staatlichen Aufgaben zur Entwicklung von Tourismusregionen;<\/li>\n<li>Regierungsverordnung 235\/2019 (X. 15.) \u00fcber die Durchf\u00fchrung des Gesetzes \u00fcber die staatlichen Aufgaben zur Entwicklung von Tourismusregionen;<\/li>\n<li>Regierungsverordnung 414\/2015 (XII. 23.) \u00fcber die Ausstellung von Personalausweisen und die Regeln f\u00fcr einheitliche Portr\u00e4t- und Unterschriftenerfassung.<\/li>\n<\/ul>\n<p><sup>**<\/sup> Drittstaatsangeh\u00f6riger: Personen gem\u00e4\u00df dem Gesetz II von 2007 \u00fcber die Einreise und den Aufenthalt von Drittstaatsangeh\u00f6rigen<\/p>\n","protected":false},"excerpt":{"rendered":"<p>Wir bitten unsere G\u00e4ste die au\u00dfer Haus gekauften Lebensmittel und Getr\u00e4nke nicht ins Hotelareal mitzunehmen und zu konsumieren. Die Relaxliegen im Wellnessbereich sollen nur w\u00e4hrend des tats\u00e4chlichen Aufenthaltes und Benutzung belegt werden, bitte bereiten Sie keine Unannehmlichkeiten anderen G\u00e4sten durch unn\u00f6tige Reservierung. Im inneren Gesellschaftsraum des Hotels ist das Rauchen verboten, daf\u00fcr vorgesehene Orte sind [&hellip;]<\/p>\n","protected":false},"author":1,"featured_media":0,"parent":1554,"menu_order":76,"comment_status":"closed","ping_status":"closed","template":"","meta":{"footnotes":""},"class_list":["post-1427","page","type-page","status-publish","hentry"],"yoast_head":"<!-- This site is optimized with the Yoast SEO plugin v27.0 - https:\/\/yoast.com\/product\/yoast-seo-wordpress\/ -->\n<title>Hotelordnung | Belenus Thermalhotel *** Zalakaros<\/title>\n<meta name=\"description\" content=\"Legjobb \u00e1rak a saj\u00e1t honlapon - Igaz\u00e1n isteni hely a felt\u00f6lt\u0151 wellness pihen\u00e9sre. Csod\u00e1s parkkal \u00e9s term\u00e1lvizes medenc\u00e9vel\" \/>\n<meta name=\"robots\" content=\"index, follow, max-snippet:-1, max-image-preview:large, max-video-preview:-1\" \/>\n<link rel=\"canonical\" href=\"https:\/\/www.belenushotel.hu\/de\/informationen\/hotelordnung\/\" \/>\n<meta property=\"og:locale\" content=\"de_DE\" \/>\n<meta property=\"og:type\" content=\"article\" \/>\n<meta property=\"og:title\" content=\"Hotelordnung | Belenus Thermalhotel *** Zalakaros\" \/>\n<meta property=\"og:description\" content=\"Legjobb \u00e1rak a saj\u00e1t honlapon - Igaz\u00e1n isteni hely a felt\u00f6lt\u0151 wellness pihen\u00e9sre. Csod\u00e1s parkkal \u00e9s term\u00e1lvizes medenc\u00e9vel\" \/>\n<meta property=\"og:url\" content=\"https:\/\/www.belenushotel.hu\/de\/informationen\/hotelordnung\/\" \/>\n<meta property=\"og:site_name\" content=\"Belenus Thermalhotel *** Zalakaros\" \/>\n<meta property=\"article:publisher\" content=\"https:\/\/www.facebook.com\/belenushotel\" \/>\n<meta property=\"article:modified_time\" content=\"2024-06-10T07:12:00+00:00\" \/>\n<meta property=\"og:image\" content=\"https:\/\/www.belenushotel.hu\/files\/2024\/06\/KEP_9076.webp\" \/>\n\t<meta property=\"og:image:width\" content=\"1500\" \/>\n\t<meta property=\"og:image:height\" content=\"1000\" \/>\n\t<meta property=\"og:image:type\" content=\"image\/webp\" \/>\n<meta name=\"twitter:card\" content=\"summary_large_image\" \/>\n<meta name=\"twitter:label1\" content=\"Gesch\u00e4tzte Lesezeit\" \/>\n\t<meta name=\"twitter:data1\" content=\"3\u00a0Minuten\" \/>\n<script type=\"application\/ld+json\" class=\"yoast-schema-graph\">{\"@context\":\"https:\/\/schema.org\",\"@graph\":[{\"@type\":\"WebPage\",\"@id\":\"https:\/\/www.belenushotel.hu\/de\/informationen\/hotelordnung\/\",\"url\":\"https:\/\/www.belenushotel.hu\/de\/informationen\/hotelordnung\/\",\"name\":\"Hotelordnung | Belenus Thermalhotel *** Zalakaros\",\"isPartOf\":{\"@id\":\"https:\/\/www.belenushotel.hu\/#website\"},\"datePublished\":\"2024-05-21T16:36:35+00:00\",\"dateModified\":\"2024-06-10T07:12:00+00:00\",\"description\":\"Legjobb \u00e1rak a saj\u00e1t honlapon - Igaz\u00e1n isteni hely a felt\u00f6lt\u0151 wellness pihen\u00e9sre. Csod\u00e1s parkkal \u00e9s term\u00e1lvizes medenc\u00e9vel\",\"breadcrumb\":{\"@id\":\"https:\/\/www.belenushotel.hu\/de\/informationen\/hotelordnung\/#breadcrumb\"},\"inLanguage\":\"de\",\"potentialAction\":[{\"@type\":\"ReadAction\",\"target\":[\"https:\/\/www.belenushotel.hu\/de\/informationen\/hotelordnung\/\"]}]},{\"@type\":\"BreadcrumbList\",\"@id\":\"https:\/\/www.belenushotel.hu\/de\/informationen\/hotelordnung\/#breadcrumb\",\"itemListElement\":[{\"@type\":\"ListItem\",\"position\":1,\"name\":\"Informationen\",\"item\":\"https:\/\/www.belenushotel.hu\/de\/informationen\/\"},{\"@type\":\"ListItem\",\"position\":2,\"name\":\"Hotelordnung\"}]},{\"@type\":\"WebSite\",\"@id\":\"https:\/\/www.belenushotel.hu\/#website\",\"url\":\"https:\/\/www.belenushotel.hu\/\",\"name\":\"Belenus Thermalhotel *** Superior Zalakaros\",\"description\":\"Egy \u201eisteni\u201d hely...\",\"publisher\":{\"@id\":\"https:\/\/www.belenushotel.hu\/#organization\"},\"potentialAction\":[{\"@type\":\"SearchAction\",\"target\":{\"@type\":\"EntryPoint\",\"urlTemplate\":\"https:\/\/www.belenushotel.hu\/?s={search_term_string}\"},\"query-input\":{\"@type\":\"PropertyValueSpecification\",\"valueRequired\":true,\"valueName\":\"search_term_string\"}}],\"inLanguage\":\"de\"},{\"@type\":\"Organization\",\"@id\":\"https:\/\/www.belenushotel.hu\/#organization\",\"name\":\"Belenus Thermalhotel *** Superior Zalakaros\",\"url\":\"https:\/\/www.belenushotel.hu\/\",\"logo\":{\"@type\":\"ImageObject\",\"inLanguage\":\"de\",\"@id\":\"https:\/\/www.belenushotel.hu\/#\/schema\/logo\/image\/\",\"url\":\"https:\/\/www.belenushotel.hu\/files\/2024\/06\/belenus_logo_696.webp\",\"contentUrl\":\"https:\/\/www.belenushotel.hu\/files\/2024\/06\/belenus_logo_696.webp\",\"width\":696,\"height\":696,\"caption\":\"Belenus Thermalhotel *** Superior Zalakaros\"},\"image\":{\"@id\":\"https:\/\/www.belenushotel.hu\/#\/schema\/logo\/image\/\"},\"sameAs\":[\"https:\/\/www.facebook.com\/belenushotel\"]}]}<\/script>\n<!-- \/ Yoast SEO plugin. -->","yoast_head_json":{"title":"Hotelordnung | Belenus Thermalhotel *** Zalakaros","description":"Legjobb \u00e1rak a saj\u00e1t honlapon - Igaz\u00e1n isteni hely a felt\u00f6lt\u0151 wellness pihen\u00e9sre. Csod\u00e1s parkkal \u00e9s term\u00e1lvizes medenc\u00e9vel","robots":{"index":"index","follow":"follow","max-snippet":"max-snippet:-1","max-image-preview":"max-image-preview:large","max-video-preview":"max-video-preview:-1"},"canonical":"https:\/\/www.belenushotel.hu\/de\/informationen\/hotelordnung\/","og_locale":"de_DE","og_type":"article","og_title":"Hotelordnung | Belenus Thermalhotel *** Zalakaros","og_description":"Legjobb \u00e1rak a saj\u00e1t honlapon - Igaz\u00e1n isteni hely a felt\u00f6lt\u0151 wellness pihen\u00e9sre. Csod\u00e1s parkkal \u00e9s term\u00e1lvizes medenc\u00e9vel","og_url":"https:\/\/www.belenushotel.hu\/de\/informationen\/hotelordnung\/","og_site_name":"Belenus Thermalhotel *** Zalakaros","article_publisher":"https:\/\/www.facebook.com\/belenushotel","article_modified_time":"2024-06-10T07:12:00+00:00","og_image":[{"width":1500,"height":1000,"url":"https:\/\/www.belenushotel.hu\/files\/2024\/06\/KEP_9076.webp","type":"image\/webp"}],"twitter_card":"summary_large_image","twitter_misc":{"Gesch\u00e4tzte Lesezeit":"3\u00a0Minuten"},"schema":{"@context":"https:\/\/schema.org","@graph":[{"@type":"WebPage","@id":"https:\/\/www.belenushotel.hu\/de\/informationen\/hotelordnung\/","url":"https:\/\/www.belenushotel.hu\/de\/informationen\/hotelordnung\/","name":"Hotelordnung | Belenus Thermalhotel *** Zalakaros","isPartOf":{"@id":"https:\/\/www.belenushotel.hu\/#website"},"datePublished":"2024-05-21T16:36:35+00:00","dateModified":"2024-06-10T07:12:00+00:00","description":"Legjobb \u00e1rak a saj\u00e1t honlapon - Igaz\u00e1n isteni hely a felt\u00f6lt\u0151 wellness pihen\u00e9sre. Csod\u00e1s parkkal \u00e9s term\u00e1lvizes medenc\u00e9vel","breadcrumb":{"@id":"https:\/\/www.belenushotel.hu\/de\/informationen\/hotelordnung\/#breadcrumb"},"inLanguage":"de","potentialAction":[{"@type":"ReadAction","target":["https:\/\/www.belenushotel.hu\/de\/informationen\/hotelordnung\/"]}]},{"@type":"BreadcrumbList","@id":"https:\/\/www.belenushotel.hu\/de\/informationen\/hotelordnung\/#breadcrumb","itemListElement":[{"@type":"ListItem","position":1,"name":"Informationen","item":"https:\/\/www.belenushotel.hu\/de\/informationen\/"},{"@type":"ListItem","position":2,"name":"Hotelordnung"}]},{"@type":"WebSite","@id":"https:\/\/www.belenushotel.hu\/#website","url":"https:\/\/www.belenushotel.hu\/","name":"Belenus Thermalhotel *** Superior Zalakaros","description":"Egy \u201eisteni\u201d hely...","publisher":{"@id":"https:\/\/www.belenushotel.hu\/#organization"},"potentialAction":[{"@type":"SearchAction","target":{"@type":"EntryPoint","urlTemplate":"https:\/\/www.belenushotel.hu\/?s={search_term_string}"},"query-input":{"@type":"PropertyValueSpecification","valueRequired":true,"valueName":"search_term_string"}}],"inLanguage":"de"},{"@type":"Organization","@id":"https:\/\/www.belenushotel.hu\/#organization","name":"Belenus Thermalhotel *** Superior Zalakaros","url":"https:\/\/www.belenushotel.hu\/","logo":{"@type":"ImageObject","inLanguage":"de","@id":"https:\/\/www.belenushotel.hu\/#\/schema\/logo\/image\/","url":"https:\/\/www.belenushotel.hu\/files\/2024\/06\/belenus_logo_696.webp","contentUrl":"https:\/\/www.belenushotel.hu\/files\/2024\/06\/belenus_logo_696.webp","width":696,"height":696,"caption":"Belenus Thermalhotel *** Superior Zalakaros"},"image":{"@id":"https:\/\/www.belenushotel.hu\/#\/schema\/logo\/image\/"},"sameAs":["https:\/\/www.facebook.com\/belenushotel"]}]}},"_links":{"self":[{"href":"https:\/\/www.belenushotel.hu\/de\/wp-json\/wp\/v2\/pages\/1427","targetHints":{"allow":["GET"]}}],"collection":[{"href":"https:\/\/www.belenushotel.hu\/de\/wp-json\/wp\/v2\/pages"}],"about":[{"href":"https:\/\/www.belenushotel.hu\/de\/wp-json\/wp\/v2\/types\/page"}],"author":[{"embeddable":true,"href":"https:\/\/www.belenushotel.hu\/de\/wp-json\/wp\/v2\/users\/1"}],"replies":[{"embeddable":true,"href":"https:\/\/www.belenushotel.hu\/de\/wp-json\/wp\/v2\/comments?post=1427"}],"version-history":[{"count":0,"href":"https:\/\/www.belenushotel.hu\/de\/wp-json\/wp\/v2\/pages\/1427\/revisions"}],"up":[{"embeddable":true,"href":"https:\/\/www.belenushotel.hu\/de\/wp-json\/wp\/v2\/pages\/1554"}],"wp:attachment":[{"href":"https:\/\/www.belenushotel.hu\/de\/wp-json\/wp\/v2\/media?parent=1427"}],"curies":[{"name":"wp","href":"https:\/\/api.w.org\/{rel}","templated":true}]}}