{"id":1224,"date":"2024-05-21T14:10:58","date_gmt":"2024-05-21T12:10:58","guid":{"rendered":"https:\/\/www.belenushotel.hu\/?page_id=1224"},"modified":"2026-04-16T17:54:03","modified_gmt":"2026-04-16T15:54:03","slug":"zimmer","status":"publish","type":"page","link":"https:\/\/www.belenushotel.hu\/de\/hotel\/zimmer\/","title":{"rendered":"Zimmer"},"content":{"rendered":"<div class=\"row section justify-content-end\">\n\t\n\t<div class=\"col-md-11 align-self-end description\">\n\t\t<h3><\/h3>\n\t\t\n<p>Das Zimmer sowie die zu den gebuchten Paketen geh\u00f6renden weiteren Dienstleistungen k\u00f6nnen am Anreisetag ab 14:00 Uhr und am Abreisetag bis 10:00 Uhr in Anspruch genommen werden. Eine fr\u00fche Anreise (ab 9:00 Uhr) ist gegen einen Aufpreis von 9.000 HUF pro Zimmer m\u00f6glich, eine sp\u00e4te Abreise (bis 18:00 Uhr) gegen einen Aufpreis von 14.400 HUF pro Zimmer.<\/p>\n<p>Bei fr\u00fcher Anreise und\/oder sp\u00e4ter Abreise beinhaltet die berechnete Geb\u00fchr neben der Nutzung des Zimmers auch die Nutzung des Wellnessbereichs, jedoch keine weiteren zus\u00e4tzlichen Leistungen.<\/p>\n<p>\n\t<\/div>\n<\/div><br \/>\n<div class=\"row section justify-content-end\">\n\t\n\t<div class=\"col-md-11 align-self-end description\">\n\t\t<h3><\/h3>\n\t\t<\/p>\n<h2>Deluxe Erlebnis \u2013 wo auch die Seele zur Ruhe kommt<\/h2>\n<p>Es gibt einen Ort, an dem die Ruhe Sie vom ersten Moment an ber\u00fchrt. Wo die R\u00e4ume atmen, die Farben entspannen und jedes kleine Detail daf\u00fcr sorgt, dass Sie sich wirklich wie zu Hause f\u00fchlen. So sind die neu renovierten Deluxe Zimmer. Die Begegnung von moderner Eleganz und Nat\u00fcrlichkeit zieht Sie sofort in ihren Bann. Die feine Harmonie der Erdt\u00f6ne, die sorgf\u00e4ltig ausgew\u00e4hlten Materialien und der gro\u00dfz\u00fcgige Raum schaffen eine Atmosph\u00e4re, in der Stille, Komfort und Luxus sp\u00fcrbar miteinander im Einklang stehen. Das klare Design dr\u00e4ngt sich nicht auf \u2013 vielmehr umh\u00fcllt, beruhigt und inspiriert es.<\/p>\n<p>Das Badezimmer ist ein kleines Heiligtum f\u00fcr sich: marmorierte Oberfl\u00e4chen, goldene Details und sanfte Lichtakzente vereinen sich zu einer echten Wellness-Atmosph\u00e4re. Ein Ort, an dem die Morgen frisch beginnen und die Abende angenehm entschleunigen.<\/p>\n<p>Das Deluxe Zimmer bietet den perfekten Rahmen f\u00fcr ein romantisches Wochenende, eine erholsame Wellness-Auszeit oder eine l\u00e4ngere Phase der Regeneration. Der Komfort ist selbstverst\u00e4ndlich, die Atmosph\u00e4re beruhigend und das Erlebnis zugleich modern und wohnlich.<\/p>\n<p>Unsere <strong>Deluxe Intimate Zimmer<\/strong> (4 Zimmer) bieten dank des offenen, durch eine Glaswand abgetrennten Badezimmers ein noch intimeres Erlebnis und wurden <strong>speziell f\u00fcr Paare konzipiert<\/strong>. Die Farbwelt und die Einrichtung folgen der klaren Eleganz der Deluxe Zimmer und schaffen so eine perfekte Harmonie aus Luxus und Intimit\u00e4t. Unsere Deluxe Intimate Zimmer verf\u00fcgen \u00fcber keinen Balkon und k\u00f6nnen maximal mit einem Zustellbett f\u00fcr ein Kind bis zum Alter von 12 Jahren ausgestattet werden.<\/p>\n<p>\n\t<\/div>\n<\/div><br \/>\n<div class=\"row section justify-content-end\">\n\t<div class=\"col-md-1 d-none d-md-block icon\"><img decoding=\"async\" src=\"https:\/\/www.belenushotel.hu\/wp-content\/themes\/belenus\/images\/description.svg\"><\/div>\n\t<div class=\"col-md-11 align-self-end description\">\n\t\t<h3>Ausstattung<\/h3>\n\t\t<\/p>\n<p>Unsere Deluxe Zimmer bieten auch f\u00fcr kleine Familien eine komfortable Unterkunft. Kleinkinder werden auf einem Zustellbett untergebracht, daher empfehlen wir den Deluxe Zimmertyp f\u00fcr maximal zwei Kinder.<\/p>\n<p>Die Zimmer sind ausgestattet mit einem 180 \u00d7 200 cm gro\u00dfen Doppelbett mit Memoryschaum-Matratze und hochwertiger Bettw\u00e4sche (1 St\u00fcck 240 \u00d7 190 cm gro\u00dfe, gemeinsame Steppdecke sowie 2 Kissen pro Person), einer Eckcouch (ausziehbar zu einem 180 \u00d7 210 cm gro\u00dfen Zustellbett), Telefon, WLAN, gro\u00dfem Smart-TV, Safe mit Touchpanel, digitaler Informationsmappe (QR-Code), DND-Panel, gef\u00fcllter Minibar, individuell regulierbarer Klimaanlage, Walk-in-Dusche, separatem WC, Haartrockner, vorbereiteten Handt\u00fcchern, Bademantel, Wellness-Handtuch sowie einem Zweisitzer-Sofa auf dem Balkon. Die Zimmer sind mit dem Aufzug erreichbar und bieten Blick auf den Pool und die Rasenfl\u00e4che.<\/p>\n<p>Zimmer mit getrennten Betten (mit Einzelmatratze und entsprechender Bettw\u00e4sche) k\u00f6nnen gegen Aufpreis, nach vorheriger Anmeldung und in begrenzter Anzahl bereitgestellt werden.<\/p>\n<p>\n\t<\/div>\n<\/div><\/p>\n<div class=\"row section justify-content-end\"><div class=\"col-md-1 d-none d-md-block icon\"><img decoding=\"async\" src=\"https:\/\/www.belenushotel.hu\/wp-content\/themes\/belenus\/images\/gallery.svg\"><h4>17<\/h4> <span>Bilder<\/span><\/div><div class=\"col-md-11 align-self-end description\"><div class=\"gallery-imgs gal-20622053 row\">\n\t\t\t<div class=\"gallery-item col-sm-10 pref-img\">\n\t\t\t\t\t\t<a href=\"https:\/\/www.belenushotel.hu\/files\/2026\/02\/room_2026_6.webp\">\n\t\t\t\t\t\t\t<img decoding=\"async\" src=\"https:\/\/www.belenushotel.hu\/files\/2026\/02\/room_2026_6.webp\" alt=\"\" class=\"img-fluid\">\n\t\t\t\t\t\t\t\n\t\t\t\t\t\t\t<span class=\"g-text\">Um auf die anderen Elemente der Galerie zuzugreifen, klicken Sie auf das Bild!<\/span>\n\t\t\t\t\t\t<\/a>\n\t\t\t\t\t  \n    \t\t<\/div><a href=\"https:\/\/www.belenushotel.hu\/files\/2026\/02\/room_2026_3.webp\" class=\"d-none\">.<\/a><a href=\"https:\/\/www.belenushotel.hu\/files\/2026\/02\/room_2026_1.webp\" class=\"d-none\">.<\/a><a href=\"https:\/\/www.belenushotel.hu\/files\/2026\/02\/room_2026_2.webp\" class=\"d-none\">.<\/a><a href=\"https:\/\/www.belenushotel.hu\/files\/2026\/02\/room_2026_5.webp\" class=\"d-none\">.<\/a><a href=\"https:\/\/www.belenushotel.hu\/files\/2026\/02\/room_2026_4.webp\" class=\"d-none\">.<\/a><a href=\"https:\/\/www.belenushotel.hu\/files\/2026\/02\/room_2026_7.webp\" class=\"d-none\">.<\/a><a href=\"https:\/\/www.belenushotel.hu\/files\/2026\/02\/room_2026_9.webp\" class=\"d-none\">.<\/a><a href=\"https:\/\/www.belenushotel.hu\/files\/2026\/02\/room_2026_10.webp\" class=\"d-none\">.<\/a><a href=\"https:\/\/www.belenushotel.hu\/files\/2026\/02\/room_2026_11.webp\" class=\"d-none\">.<\/a><a href=\"https:\/\/www.belenushotel.hu\/files\/2026\/02\/room_2026_12.webp\" class=\"d-none\">.<\/a><a href=\"https:\/\/www.belenushotel.hu\/files\/2026\/02\/room_2026_13.webp\" class=\"d-none\">.<\/a><a href=\"https:\/\/www.belenushotel.hu\/files\/2026\/03\/deluxe_intimate_1.webp\" class=\"d-none\">.<\/a><a href=\"https:\/\/www.belenushotel.hu\/files\/2026\/03\/deluxe_intimate_2.webp\" class=\"d-none\">.<\/a><a href=\"https:\/\/www.belenushotel.hu\/files\/2026\/03\/deluxe_intimate_3.webp\" class=\"d-none\">.<\/a><a href=\"https:\/\/www.belenushotel.hu\/files\/2026\/03\/deluxe_intimate_4.webp\" class=\"d-none\">.<\/a><a href=\"https:\/\/www.belenushotel.hu\/files\/2026\/03\/deluxe_intimate_5.webp\" class=\"d-none\">.<\/a><\/div><\/div><\/div>\n<div class=\"row section justify-content-end\">\n\t<div class=\"col-md-1 d-none d-md-block icon\"><img decoding=\"async\" src=\"https:\/\/www.belenushotel.hu\/wp-content\/themes\/belenus\/images\/layout.svg\"><\/div>\n\t<div class=\"col-md-11 align-self-end description\">\n\t\t<h3>Grundrisse der Zimmer<\/h3>\n\t\t<\/p>\n<div class=\"row\">\n<div class=\"col-md-6 layout-item landscape\">\n<p><div id=\"attachment_2135\" style=\"width: 570px\" class=\"wp-caption alignnone\"><a href=\"https:\/\/www.belenushotel.hu\/files\/2026\/03\/deluxe_de-2.webp\" rel=\"gallery-deluxe\"><img loading=\"lazy\" decoding=\"async\" aria-describedby=\"caption-attachment-2135\" class=\"wp-image-2135\" src=\"https:\/\/www.belenushotel.hu\/files\/2026\/03\/deluxe_de-2-1024x449.webp\" alt=\"Deluxe\" width=\"560\" height=\"245\" srcset=\"https:\/\/www.belenushotel.hu\/files\/2026\/03\/deluxe_de-2-1024x449.webp 1024w, https:\/\/www.belenushotel.hu\/files\/2026\/03\/deluxe_de-2-300x131.webp 300w, https:\/\/www.belenushotel.hu\/files\/2026\/03\/deluxe_de-2-768x336.webp 768w, https:\/\/www.belenushotel.hu\/files\/2026\/03\/deluxe_de-2-1536x673.webp 1536w, https:\/\/www.belenushotel.hu\/files\/2026\/03\/deluxe_de-2.webp 1920w\" sizes=\"auto, (max-width: 560px) 100vw, 560px\" \/><\/a><p id=\"caption-attachment-2135\" class=\"wp-caption-text\">Deluxe<\/p><\/div><\/p>\n<\/div>\n<div class=\"col-md-6 layout-item landscape\">\n<p><div id=\"attachment_2126\" style=\"width: 570px\" class=\"wp-caption alignnone\"><a href=\"https:\/\/www.belenushotel.hu\/files\/2026\/03\/deluxe_intimate_de-1.webp\" rel=\"gallery-deluxe-intimate\"><img loading=\"lazy\" decoding=\"async\" aria-describedby=\"caption-attachment-2126\" class=\"wp-image-2126\" src=\"https:\/\/www.belenushotel.hu\/files\/2026\/03\/deluxe_intimate_de-1-1024x364.webp\" alt=\"Deluxe Intimate\" width=\"560\" height=\"199\" srcset=\"https:\/\/www.belenushotel.hu\/files\/2026\/03\/deluxe_intimate_de-1-1024x364.webp 1024w, https:\/\/www.belenushotel.hu\/files\/2026\/03\/deluxe_intimate_de-1-300x107.webp 300w, https:\/\/www.belenushotel.hu\/files\/2026\/03\/deluxe_intimate_de-1-768x273.webp 768w, https:\/\/www.belenushotel.hu\/files\/2026\/03\/deluxe_intimate_de-1-1536x546.webp 1536w, https:\/\/www.belenushotel.hu\/files\/2026\/03\/deluxe_intimate_de-1.webp 1920w\" sizes=\"auto, (max-width: 560px) 100vw, 560px\" \/><\/a><p id=\"caption-attachment-2126\" class=\"wp-caption-text\">Deluxe Intimate<\/p><\/div><\/p>\n<\/div>\n<p>\n\t<\/div>\n<\/div>\n<\/div>\n<div class=\"row section justify-content-end\">\n\t\n\t<div class=\"col-md-11 align-self-end description\">\n\t\t<h3><\/h3>\n\t\t\n<p>&nbsp;<\/p>\n<h2>Superior Zimmer<\/h2>\n<p>Treten Sie ein in unser helles und gro\u00dfz\u00fcgiges Superior Zimmer mit gro\u00dfen Fenstern und einer Balkont\u00fcr, die reichlich Tageslicht hereinlassen. Der Raum ist mit einem komfortablen Doppelbett sowie einem Sofa ausgestattet und bietet somit auch f\u00fcr mehrere Personen eine angenehme R\u00fcckzugsm\u00f6glichkeit. Die Einrichtung besteht aus warmen, freundlichen Holzm\u00f6beln, die harmonisch mit der dezenten Farbgestaltung in Beige- und Gelbt\u00f6nen des Zimmers abgestimmt sind.<\/p>\n<p>\n\t<\/div>\n<\/div><br \/>\n<div class=\"row section justify-content-end\">\n\t<div class=\"col-md-1 d-none d-md-block icon\"><img decoding=\"async\" src=\"https:\/\/www.belenushotel.hu\/wp-content\/themes\/belenus\/images\/description.svg\"><\/div>\n\t<div class=\"col-md-11 align-self-end description\">\n\t\t<h3>Ausstattung<\/h3>\n\t\t<\/p>\n<p>Unsere Superior Familienzimmer bieten auch f\u00fcr kleine Familien eine komfortable Unterkunft. Kleinkinder werden auf einem Zustellbett untergebracht, daher empfehlen wir den Superior Familienzimmertyp f\u00fcr maximal zwei Kinder.<\/p>\n<p>Die Zimmer sind mit einem 180 \u00d7 200 cm gro\u00dfen Doppelbett mit Memoryschaum-Matratze ausgestattet (1 gemeinschaftliche, gesteppte Bettdecke mit den Ma\u00dfen 240 \u00d7 190 cm, pro Person 3 Kissen), einer Ecksofa-Garnitur (ausziehbar zu einem Zustellbett mit den Ma\u00dfen 180 \u00d7 210 cm im ausgezogenen Zustand), individuell regulierbarer, kostenloser Klimaanlage, Telefon, Badezimmer mit Badewanne, separatem WC, bereitgestellten Handt\u00fcchern und Wellness-Handt\u00fcchern, Bademantel, Haartrockner, Minibar, Internetzugang im Zimmer (WLAN), digitaler Informationsmappe, Safe sowie LCD-TV.\u00a0Zu jedem Zimmer geh\u00f6rt ein Balkon, die Zimmer sind nach S\u00fcden ausgerichtet und bieten Aussicht auf den Sandstrand oder den Pool. Die Zimmer sind teilweise mit dem Aufzug, teilweise \u00fcber Treppen erreichbar.<\/p>\n<p>Zimmer mit getrennten Betten (mit Einzelmatratze und entsprechender Bettw\u00e4sche) k\u00f6nnen gegen Aufpreis, als individuelle Bettvariante, nach vorheriger Anmeldung und in begrenzter Anzahl bereitgestellt werden. In Zimmern mit Doppel- oder franz\u00f6sischem Bett k\u00f6nnen W\u00fcnsche nach separaten Decken anstelle der gemeinsamen gro\u00dfen Decke nur gegen Geb\u00fchr ber\u00fccksichtigt werden.<\/p>\n<p>\n\t<\/div>\n<\/div><\/p>\n<div class=\"row section justify-content-end\"><div class=\"col-md-1 d-none d-md-block icon\"><img decoding=\"async\" src=\"https:\/\/www.belenushotel.hu\/wp-content\/themes\/belenus\/images\/gallery.svg\"><h4>4<\/h4> <span>Bilder<\/span><\/div><div class=\"col-md-11 align-self-end description\"><div class=\"gallery-imgs gal-10011122 row\">\n\t\t\t<div class=\"gallery-item col-sm-10 pref-img\">\n\t\t\t\t\t\t<a href=\"https:\/\/www.belenushotel.hu\/files\/2024\/06\/kadas.webp\">\n\t\t\t\t\t\t\t<img decoding=\"async\" src=\"https:\/\/www.belenushotel.hu\/files\/2024\/06\/kadas.webp\" alt=\"\" class=\"img-fluid\">\n\t\t\t\t\t\t\t\n\t\t\t\t\t\t\t<span class=\"g-text\">Um auf die anderen Elemente der Galerie zuzugreifen, klicken Sie auf das Bild!<\/span>\n\t\t\t\t\t\t<\/a>\n\t\t\t\t\t  \n    \t\t<\/div><a href=\"https:\/\/www.belenushotel.hu\/files\/2024\/06\/DSC06087.webp\" class=\"d-none\">.<\/a><a href=\"https:\/\/www.belenushotel.hu\/files\/2024\/06\/DSC06092-Pano.webp\" class=\"d-none\">.<\/a><a href=\"https:\/\/www.belenushotel.hu\/files\/2024\/06\/KEP_9260.webp\" class=\"d-none\">.<\/a><\/div><\/div><\/div>\n<p>&nbsp;<\/p>\n<div class=\"row section justify-content-end\">\n\t<div class=\"col-md-1 d-none d-md-block icon\"><img decoding=\"async\" src=\"https:\/\/www.belenushotel.hu\/wp-content\/themes\/belenus\/images\/layout.svg\"><\/div>\n\t<div class=\"col-md-11 align-self-end description\">\n\t\t<h3>Grundrisse der Zimmer<\/h3>\n\t\t<\/p>\n<div class=\"row\">\n<div class=\"col-md-4 col-sm-6 layout-item landscape\">\n<p><div id=\"attachment_185\" style=\"width: 570px\" class=\"wp-caption alignnone\"><a href=\"https:\/\/www.belenushotel.hu\/files\/2024\/05\/superior_kad.jpg\" rel=\"gallery-superior-kad\"><img loading=\"lazy\" decoding=\"async\" aria-describedby=\"caption-attachment-185\" class=\"wp-image-185\" src=\"https:\/\/www.belenushotel.hu\/files\/2024\/05\/superior_kad-1024x449.jpg\" alt=\"Superior (k\u00e1ddal)\" width=\"560\" height=\"245\" srcset=\"https:\/\/www.belenushotel.hu\/files\/2024\/05\/superior_kad-1024x449.jpg 1024w, https:\/\/www.belenushotel.hu\/files\/2024\/05\/superior_kad-300x131.jpg 300w, https:\/\/www.belenushotel.hu\/files\/2024\/05\/superior_kad.jpg 1920w\" sizes=\"auto, (max-width: 560px) 100vw, 560px\" \/><\/a><p id=\"caption-attachment-185\" class=\"wp-caption-text\">Superior (Mit Badewanne)<\/p><\/div><\/p>\n<\/div>\n<\/div>\n<p>\n\t<\/div>\n<\/div>\n","protected":false},"excerpt":{"rendered":"<p>&nbsp;<\/p>\n","protected":false},"author":1,"featured_media":0,"parent":1542,"menu_order":141,"comment_status":"closed","ping_status":"closed","template":"","meta":{"footnotes":""},"class_list":["post-1224","page","type-page","status-publish","hentry"],"yoast_head":"<!-- This site is optimized with the Yoast SEO plugin v27.0 - https:\/\/yoast.com\/product\/yoast-seo-wordpress\/ -->\n<title>Zimmer | Belenus Thermalhotel *** Zalakaros<\/title>\n<meta name=\"description\" content=\"Legjobb \u00e1rak a saj\u00e1t honlapon - Igaz\u00e1n isteni hely a felt\u00f6lt\u0151 wellness pihen\u00e9sre. Csod\u00e1s parkkal \u00e9s term\u00e1lvizes medenc\u00e9vel\" \/>\n<meta name=\"robots\" content=\"index, follow, max-snippet:-1, max-image-preview:large, max-video-preview:-1\" \/>\n<link rel=\"canonical\" href=\"https:\/\/www.belenushotel.hu\/de\/hotel\/zimmer\/\" \/>\n<meta property=\"og:locale\" content=\"de_DE\" \/>\n<meta property=\"og:type\" content=\"article\" \/>\n<meta property=\"og:title\" content=\"Zimmer | Belenus Thermalhotel *** Zalakaros\" \/>\n<meta property=\"og:description\" content=\"Legjobb \u00e1rak a saj\u00e1t honlapon - Igaz\u00e1n isteni hely a felt\u00f6lt\u0151 wellness pihen\u00e9sre. Csod\u00e1s parkkal \u00e9s term\u00e1lvizes medenc\u00e9vel\" \/>\n<meta property=\"og:url\" content=\"https:\/\/www.belenushotel.hu\/de\/hotel\/zimmer\/\" \/>\n<meta property=\"og:site_name\" content=\"Belenus Thermalhotel *** Zalakaros\" \/>\n<meta property=\"article:publisher\" content=\"https:\/\/www.facebook.com\/belenushotel\" \/>\n<meta property=\"article:modified_time\" content=\"2026-04-16T15:54:03+00:00\" \/>\n<meta property=\"og:image\" content=\"https:\/\/www.belenushotel.hu\/wp-content\/themes\/belenus\/images\/gallery.svg\" \/>\n<meta name=\"twitter:card\" content=\"summary_large_image\" \/>\n<meta name=\"twitter:label1\" content=\"Gesch\u00e4tzte Lesezeit\" \/>\n\t<meta name=\"twitter:data1\" content=\"5\u00a0Minuten\" \/>\n<script type=\"application\/ld+json\" class=\"yoast-schema-graph\">{\"@context\":\"https:\/\/schema.org\",\"@graph\":[{\"@type\":\"WebPage\",\"@id\":\"https:\/\/www.belenushotel.hu\/de\/hotel\/zimmer\/\",\"url\":\"https:\/\/www.belenushotel.hu\/de\/hotel\/zimmer\/\",\"name\":\"Zimmer | Belenus Thermalhotel *** Zalakaros\",\"isPartOf\":{\"@id\":\"https:\/\/www.belenushotel.hu\/#website\"},\"primaryImageOfPage\":{\"@id\":\"https:\/\/www.belenushotel.hu\/de\/hotel\/zimmer\/#primaryimage\"},\"image\":{\"@id\":\"https:\/\/www.belenushotel.hu\/de\/hotel\/zimmer\/#primaryimage\"},\"thumbnailUrl\":\"https:\/\/www.belenushotel.hu\/files\/2026\/03\/deluxe_de-2-1024x449.webp\",\"datePublished\":\"2024-05-21T12:10:58+00:00\",\"dateModified\":\"2026-04-16T15:54:03+00:00\",\"description\":\"Legjobb \u00e1rak a saj\u00e1t honlapon - Igaz\u00e1n isteni hely a felt\u00f6lt\u0151 wellness pihen\u00e9sre. Csod\u00e1s parkkal \u00e9s term\u00e1lvizes medenc\u00e9vel\",\"breadcrumb\":{\"@id\":\"https:\/\/www.belenushotel.hu\/de\/hotel\/zimmer\/#breadcrumb\"},\"inLanguage\":\"de\",\"potentialAction\":[{\"@type\":\"ReadAction\",\"target\":[\"https:\/\/www.belenushotel.hu\/de\/hotel\/zimmer\/\"]}]},{\"@type\":\"ImageObject\",\"inLanguage\":\"de\",\"@id\":\"https:\/\/www.belenushotel.hu\/de\/hotel\/zimmer\/#primaryimage\",\"url\":\"https:\/\/www.belenushotel.hu\/files\/2026\/03\/deluxe_de-2-1024x449.webp\",\"contentUrl\":\"https:\/\/www.belenushotel.hu\/files\/2026\/03\/deluxe_de-2-1024x449.webp\"},{\"@type\":\"BreadcrumbList\",\"@id\":\"https:\/\/www.belenushotel.hu\/de\/hotel\/zimmer\/#breadcrumb\",\"itemListElement\":[{\"@type\":\"ListItem\",\"position\":1,\"name\":\"Hotel\",\"item\":\"https:\/\/www.belenushotel.hu\/de\/hotel\/\"},{\"@type\":\"ListItem\",\"position\":2,\"name\":\"Zimmer\"}]},{\"@type\":\"WebSite\",\"@id\":\"https:\/\/www.belenushotel.hu\/#website\",\"url\":\"https:\/\/www.belenushotel.hu\/\",\"name\":\"Belenus Thermalhotel *** Superior Zalakaros\",\"description\":\"Egy \u201eisteni\u201d hely...\",\"publisher\":{\"@id\":\"https:\/\/www.belenushotel.hu\/#organization\"},\"potentialAction\":[{\"@type\":\"SearchAction\",\"target\":{\"@type\":\"EntryPoint\",\"urlTemplate\":\"https:\/\/www.belenushotel.hu\/?s={search_term_string}\"},\"query-input\":{\"@type\":\"PropertyValueSpecification\",\"valueRequired\":true,\"valueName\":\"search_term_string\"}}],\"inLanguage\":\"de\"},{\"@type\":\"Organization\",\"@id\":\"https:\/\/www.belenushotel.hu\/#organization\",\"name\":\"Belenus Thermalhotel *** Superior Zalakaros\",\"url\":\"https:\/\/www.belenushotel.hu\/\",\"logo\":{\"@type\":\"ImageObject\",\"inLanguage\":\"de\",\"@id\":\"https:\/\/www.belenushotel.hu\/#\/schema\/logo\/image\/\",\"url\":\"https:\/\/www.belenushotel.hu\/files\/2024\/06\/belenus_logo_696.webp\",\"contentUrl\":\"https:\/\/www.belenushotel.hu\/files\/2024\/06\/belenus_logo_696.webp\",\"width\":696,\"height\":696,\"caption\":\"Belenus Thermalhotel *** Superior Zalakaros\"},\"image\":{\"@id\":\"https:\/\/www.belenushotel.hu\/#\/schema\/logo\/image\/\"},\"sameAs\":[\"https:\/\/www.facebook.com\/belenushotel\"]}]}<\/script>\n<!-- \/ Yoast SEO plugin. -->","yoast_head_json":{"title":"Zimmer | Belenus Thermalhotel *** Zalakaros","description":"Legjobb \u00e1rak a saj\u00e1t honlapon - Igaz\u00e1n isteni hely a felt\u00f6lt\u0151 wellness pihen\u00e9sre. Csod\u00e1s parkkal \u00e9s term\u00e1lvizes medenc\u00e9vel","robots":{"index":"index","follow":"follow","max-snippet":"max-snippet:-1","max-image-preview":"max-image-preview:large","max-video-preview":"max-video-preview:-1"},"canonical":"https:\/\/www.belenushotel.hu\/de\/hotel\/zimmer\/","og_locale":"de_DE","og_type":"article","og_title":"Zimmer | Belenus Thermalhotel *** Zalakaros","og_description":"Legjobb \u00e1rak a saj\u00e1t honlapon - Igaz\u00e1n isteni hely a felt\u00f6lt\u0151 wellness pihen\u00e9sre. Csod\u00e1s parkkal \u00e9s term\u00e1lvizes medenc\u00e9vel","og_url":"https:\/\/www.belenushotel.hu\/de\/hotel\/zimmer\/","og_site_name":"Belenus Thermalhotel *** Zalakaros","article_publisher":"https:\/\/www.facebook.com\/belenushotel","article_modified_time":"2026-04-16T15:54:03+00:00","og_image":[{"url":"https:\/\/www.belenushotel.hu\/wp-content\/themes\/belenus\/images\/gallery.svg","type":"","width":"","height":""}],"twitter_card":"summary_large_image","twitter_misc":{"Gesch\u00e4tzte Lesezeit":"5\u00a0Minuten"},"schema":{"@context":"https:\/\/schema.org","@graph":[{"@type":"WebPage","@id":"https:\/\/www.belenushotel.hu\/de\/hotel\/zimmer\/","url":"https:\/\/www.belenushotel.hu\/de\/hotel\/zimmer\/","name":"Zimmer | Belenus Thermalhotel *** Zalakaros","isPartOf":{"@id":"https:\/\/www.belenushotel.hu\/#website"},"primaryImageOfPage":{"@id":"https:\/\/www.belenushotel.hu\/de\/hotel\/zimmer\/#primaryimage"},"image":{"@id":"https:\/\/www.belenushotel.hu\/de\/hotel\/zimmer\/#primaryimage"},"thumbnailUrl":"https:\/\/www.belenushotel.hu\/files\/2026\/03\/deluxe_de-2-1024x449.webp","datePublished":"2024-05-21T12:10:58+00:00","dateModified":"2026-04-16T15:54:03+00:00","description":"Legjobb \u00e1rak a saj\u00e1t honlapon - Igaz\u00e1n isteni hely a felt\u00f6lt\u0151 wellness pihen\u00e9sre. Csod\u00e1s parkkal \u00e9s term\u00e1lvizes medenc\u00e9vel","breadcrumb":{"@id":"https:\/\/www.belenushotel.hu\/de\/hotel\/zimmer\/#breadcrumb"},"inLanguage":"de","potentialAction":[{"@type":"ReadAction","target":["https:\/\/www.belenushotel.hu\/de\/hotel\/zimmer\/"]}]},{"@type":"ImageObject","inLanguage":"de","@id":"https:\/\/www.belenushotel.hu\/de\/hotel\/zimmer\/#primaryimage","url":"https:\/\/www.belenushotel.hu\/files\/2026\/03\/deluxe_de-2-1024x449.webp","contentUrl":"https:\/\/www.belenushotel.hu\/files\/2026\/03\/deluxe_de-2-1024x449.webp"},{"@type":"BreadcrumbList","@id":"https:\/\/www.belenushotel.hu\/de\/hotel\/zimmer\/#breadcrumb","itemListElement":[{"@type":"ListItem","position":1,"name":"Hotel","item":"https:\/\/www.belenushotel.hu\/de\/hotel\/"},{"@type":"ListItem","position":2,"name":"Zimmer"}]},{"@type":"WebSite","@id":"https:\/\/www.belenushotel.hu\/#website","url":"https:\/\/www.belenushotel.hu\/","name":"Belenus Thermalhotel *** Superior Zalakaros","description":"Egy \u201eisteni\u201d hely...","publisher":{"@id":"https:\/\/www.belenushotel.hu\/#organization"},"potentialAction":[{"@type":"SearchAction","target":{"@type":"EntryPoint","urlTemplate":"https:\/\/www.belenushotel.hu\/?s={search_term_string}"},"query-input":{"@type":"PropertyValueSpecification","valueRequired":true,"valueName":"search_term_string"}}],"inLanguage":"de"},{"@type":"Organization","@id":"https:\/\/www.belenushotel.hu\/#organization","name":"Belenus Thermalhotel *** Superior Zalakaros","url":"https:\/\/www.belenushotel.hu\/","logo":{"@type":"ImageObject","inLanguage":"de","@id":"https:\/\/www.belenushotel.hu\/#\/schema\/logo\/image\/","url":"https:\/\/www.belenushotel.hu\/files\/2024\/06\/belenus_logo_696.webp","contentUrl":"https:\/\/www.belenushotel.hu\/files\/2024\/06\/belenus_logo_696.webp","width":696,"height":696,"caption":"Belenus Thermalhotel *** Superior Zalakaros"},"image":{"@id":"https:\/\/www.belenushotel.hu\/#\/schema\/logo\/image\/"},"sameAs":["https:\/\/www.facebook.com\/belenushotel"]}]}},"_links":{"self":[{"href":"https:\/\/www.belenushotel.hu\/de\/wp-json\/wp\/v2\/pages\/1224","targetHints":{"allow":["GET"]}}],"collection":[{"href":"https:\/\/www.belenushotel.hu\/de\/wp-json\/wp\/v2\/pages"}],"about":[{"href":"https:\/\/www.belenushotel.hu\/de\/wp-json\/wp\/v2\/types\/page"}],"author":[{"embeddable":true,"href":"https:\/\/www.belenushotel.hu\/de\/wp-json\/wp\/v2\/users\/1"}],"replies":[{"embeddable":true,"href":"https:\/\/www.belenushotel.hu\/de\/wp-json\/wp\/v2\/comments?post=1224"}],"version-history":[{"count":0,"href":"https:\/\/www.belenushotel.hu\/de\/wp-json\/wp\/v2\/pages\/1224\/revisions"}],"up":[{"embeddable":true,"href":"https:\/\/www.belenushotel.hu\/de\/wp-json\/wp\/v2\/pages\/1542"}],"wp:attachment":[{"href":"https:\/\/www.belenushotel.hu\/de\/wp-json\/wp\/v2\/media?parent=1224"}],"curies":[{"name":"wp","href":"https:\/\/api.w.org\/{rel}","templated":true}]}}